{"id":482,"date":"2018-10-01T14:57:03","date_gmt":"2018-10-01T17:57:03","guid":{"rendered":"https:\/\/caruso.000webhostapp.com\/?page_id=482"},"modified":"2022-11-29T10:14:23","modified_gmt":"2022-11-29T13:14:23","slug":"caes-comunitarios","status":"publish","type":"page","link":"https:\/\/labea.ufpr.br\/caocomunitario\/caes-comunitarios\/","title":{"rendered":"C\u00e3es Comunit\u00e1rios"},"content":{"rendered":"\n<h2 class=\"wp-block-heading\">C\u00e3es de Pinhais<\/h2>\n\n\n\n<p><span style=\"color: #000000;\">Conhe\u00e7a alguns c\u00e3es de Pinhais cadastrados no Programa e saiba mais sobre eles abaixo:<\/span><\/p>\n\n\n\n<div id=\"awsm-team-1178\" class=\"awsm-grid-wrapper\">\n\t\t\t<div class=\"awsm-grid cards-style style-4 grid-3-col \">\n\t\t\t\t\t\t<div id=\"awsm-member-1178-1216\" class=\"awsm-grid-card\">\n\t\t\t\t   <figure>\n\t\t\t\t\t\t<img width=\"500\" height=\"500\" src=\"https:\/\/labea.ufpr.br\/caocomunitario\/wp-content\/uploads\/sites\/2\/2019\/07\/urso-1-500x500.jpg\" class=\"attachment-awsm_team size-awsm_team wp-post-image\" alt=\"\" decoding=\"async\" loading=\"lazy\" srcset=\"https:\/\/labea.ufpr.br\/caocomunitario\/wp-content\/uploads\/sites\/2\/2019\/07\/urso-1-500x500.jpg 500w, https:\/\/labea.ufpr.br\/caocomunitario\/wp-content\/uploads\/sites\/2\/2019\/07\/urso-1-150x150.jpg 150w\" sizes=\"(max-width: 500px) 100vw, 500px\" \/>\t\t\t\t\t\t <figcaption class=\"awsm-figcaption\">\n\t\t\t\t\t\t\t<div class=\"awsm-personal-info\"><h3>Urso<\/h3><span><\/span><\/div>\t\t\t\t\t\t\t<div class=\"awsm-contact-info\">\n\t\t\t\t\t\t\t\t<p>Nascido em 2010, Urso tem 9 anos. Sua pelagem \u00e9 mediana e bicolor (branca e preta). Cauda com pelagem m\u00e9dia.<\/p>\t\t\t\t\t\t\t<\/div> <!-- .awsm-contact-info -->\n\t\t\t\t\t\t\t\t\t\t\t\t\t <\/figcaption>\n\t\t\t\t\t  <!-- <\/span> -->\n\t\t\t\t   <\/figure>\n\t\t\t\t<\/div>\n\t\t\t\t\t\t\t<div id=\"awsm-member-1178-1219\" class=\"awsm-grid-card\">\n\t\t\t\t   <figure>\n\t\t\t\t\t\t<img width=\"500\" height=\"500\" src=\"https:\/\/labea.ufpr.br\/caocomunitario\/wp-content\/uploads\/sites\/2\/2019\/07\/lobinha-1-500x500.jpg\" class=\"attachment-awsm_team size-awsm_team wp-post-image\" alt=\"\" decoding=\"async\" loading=\"lazy\" srcset=\"https:\/\/labea.ufpr.br\/caocomunitario\/wp-content\/uploads\/sites\/2\/2019\/07\/lobinha-1-500x500.jpg 500w, https:\/\/labea.ufpr.br\/caocomunitario\/wp-content\/uploads\/sites\/2\/2019\/07\/lobinha-1-150x150.jpg 150w\" sizes=\"(max-width: 500px) 100vw, 500px\" \/>\t\t\t\t\t\t <figcaption class=\"awsm-figcaption\">\n\t\t\t\t\t\t\t<div class=\"awsm-personal-info\"><h3>Lobinha<\/h3><span><\/span><\/div>\t\t\t\t\t\t\t<div class=\"awsm-contact-info\">\n\t\t\t\t\t\t\t\t<p>Nascida em 2013, Lobinha tem 6 anos. Sua pelagem \u00e9 curta e de cor amarela. Possui manchas brancas no focinho, peito e nas patas. <\/p>\t\t\t\t\t\t\t<\/div> <!-- .awsm-contact-info -->\n\t\t\t\t\t\t\t\t\t\t\t\t\t <\/figcaption>\n\t\t\t\t\t  <!-- <\/span> -->\n\t\t\t\t   <\/figure>\n\t\t\t\t<\/div>\n\t\t\t\t\t\t\t<div id=\"awsm-member-1178-1995\" class=\"awsm-grid-card\">\n\t\t\t\t   <figure>\n\t\t\t\t\t\t<img width=\"500\" height=\"500\" src=\"https:\/\/labea.ufpr.br\/caocomunitario\/wp-content\/uploads\/sites\/2\/2022\/11\/bob-1-500x500.jpg\" class=\"attachment-awsm_team size-awsm_team wp-post-image\" alt=\"\" decoding=\"async\" loading=\"lazy\" srcset=\"https:\/\/labea.ufpr.br\/caocomunitario\/wp-content\/uploads\/sites\/2\/2022\/11\/bob-1-500x500.jpg 500w, https:\/\/labea.ufpr.br\/caocomunitario\/wp-content\/uploads\/sites\/2\/2022\/11\/bob-1-150x150.jpg 150w\" sizes=\"(max-width: 500px) 100vw, 500px\" \/>\t\t\t\t\t\t <figcaption class=\"awsm-figcaption\">\n\t\t\t\t\t\t\t<div class=\"awsm-personal-info\"><h3>Bob<\/h3><span><\/span><\/div>\t\t\t\t\t\t\t<div class=\"awsm-contact-info\">\n\t\t\t\t\t\t\t\t\t\t\t\t\t\t\t<\/div> <!-- .awsm-contact-info -->\n\t\t\t\t\t\t\t\t\t\t\t\t\t <\/figcaption>\n\t\t\t\t\t  <!-- <\/span> -->\n\t\t\t\t   <\/figure>\n\t\t\t\t<\/div>\n\t\t\t\t\t\t\t<div id=\"awsm-member-1178-1994\" class=\"awsm-grid-card\">\n\t\t\t\t   <figure>\n\t\t\t\t\t\t<img src=\"https:\/\/labea.ufpr.br\/caocomunitario\/wp-content\/plugins\/awsm-team\/images\/default-user.png\" alt=\"Branquinha\">\t\t\t\t\t\t <figcaption class=\"awsm-figcaption\">\n\t\t\t\t\t\t\t<div class=\"awsm-personal-info\"><h3>Branquinha<\/h3><span><\/span><\/div>\t\t\t\t\t\t\t<div class=\"awsm-contact-info\">\n\t\t\t\t\t\t\t\t\t\t\t\t\t\t\t<\/div> <!-- .awsm-contact-info -->\n\t\t\t\t\t\t\t\t\t\t\t\t\t <\/figcaption>\n\t\t\t\t\t  <!-- <\/span> -->\n\t\t\t\t   <\/figure>\n\t\t\t\t<\/div>\n\t\t\t\t\t\t\t<div id=\"awsm-member-1178-1993\" class=\"awsm-grid-card\">\n\t\t\t\t   <figure>\n\t\t\t\t\t\t<img src=\"https:\/\/labea.ufpr.br\/caocomunitario\/wp-content\/plugins\/awsm-team\/images\/default-user.png\" alt=\"Maia\">\t\t\t\t\t\t <figcaption class=\"awsm-figcaption\">\n\t\t\t\t\t\t\t<div class=\"awsm-personal-info\"><h3>Maia<\/h3><span><\/span><\/div>\t\t\t\t\t\t\t<div class=\"awsm-contact-info\">\n\t\t\t\t\t\t\t\t\t\t\t\t\t\t\t<\/div> <!-- .awsm-contact-info -->\n\t\t\t\t\t\t\t\t\t\t\t\t\t <\/figcaption>\n\t\t\t\t\t  <!-- <\/span> -->\n\t\t\t\t   <\/figure>\n\t\t\t\t<\/div>\n\t\t\t\t\t\t\t<div id=\"awsm-member-1178-1221\" class=\"awsm-grid-card\">\n\t\t\t\t   <figure>\n\t\t\t\t\t\t<img width=\"500\" height=\"500\" src=\"https:\/\/labea.ufpr.br\/caocomunitario\/wp-content\/uploads\/sites\/2\/2019\/07\/sorriso-1_compressed-500x500.jpg\" class=\"attachment-awsm_team size-awsm_team wp-post-image\" alt=\"\" decoding=\"async\" loading=\"lazy\" srcset=\"https:\/\/labea.ufpr.br\/caocomunitario\/wp-content\/uploads\/sites\/2\/2019\/07\/sorriso-1_compressed-500x500.jpg 500w, https:\/\/labea.ufpr.br\/caocomunitario\/wp-content\/uploads\/sites\/2\/2019\/07\/sorriso-1_compressed-150x150.jpg 150w\" sizes=\"(max-width: 500px) 100vw, 500px\" \/>\t\t\t\t\t\t <figcaption class=\"awsm-figcaption\">\n\t\t\t\t\t\t\t<div class=\"awsm-personal-info\"><h3>Sorriso<\/h3><span><\/span><\/div>\t\t\t\t\t\t\t<div class=\"awsm-contact-info\">\n\t\t\t\t\t\t\t\t<p>Nascido em 2007, Sorriso tem 12 anos. Sua pelagem \u00e9 curta e com degrad\u00ea de cores (preto, marrom e marrom claro). <\/p>\t\t\t\t\t\t\t<\/div> <!-- .awsm-contact-info -->\n\t\t\t\t\t\t\t\t\t\t\t\t\t <\/figcaption>\n\t\t\t\t\t  <!-- <\/span> -->\n\t\t\t\t   <\/figure>\n\t\t\t\t<\/div>\n\t\t\t\t\t\t\t<div id=\"awsm-member-1178-1180\" class=\"awsm-grid-card\">\n\t\t\t\t   <figure>\n\t\t\t\t\t\t<img width=\"500\" height=\"500\" src=\"https:\/\/labea.ufpr.br\/caocomunitario\/wp-content\/uploads\/sites\/2\/2019\/07\/pingo-1_compressed-500x500.jpg\" class=\"attachment-awsm_team size-awsm_team wp-post-image\" alt=\"\" decoding=\"async\" loading=\"lazy\" srcset=\"https:\/\/labea.ufpr.br\/caocomunitario\/wp-content\/uploads\/sites\/2\/2019\/07\/pingo-1_compressed-500x500.jpg 500w, https:\/\/labea.ufpr.br\/caocomunitario\/wp-content\/uploads\/sites\/2\/2019\/07\/pingo-1_compressed-150x150.jpg 150w\" sizes=\"(max-width: 500px) 100vw, 500px\" \/>\t\t\t\t\t\t <figcaption class=\"awsm-figcaption\">\n\t\t\t\t\t\t\t<div class=\"awsm-personal-info\"><h3>Pingo<\/h3><span><\/span><\/div>\t\t\t\t\t\t\t<div class=\"awsm-contact-info\">\n\t\t\t\t\t\t\t\t<p>Nascido em 2009, Pingo tem 10 anos. Sua pelagem \u00e9 curta e bicolor (preto e marrom claro). Possui algumas manchas brancas pelo pelo.<\/p>\t\t\t\t\t\t\t<\/div> <!-- .awsm-contact-info -->\n\t\t\t\t\t\t\t\t\t\t\t\t\t <\/figcaption>\n\t\t\t\t\t  <!-- <\/span> -->\n\t\t\t\t   <\/figure>\n\t\t\t\t<\/div>\n\t\t\t\t\t\t\t<div id=\"awsm-member-1178-1222\" class=\"awsm-grid-card\">\n\t\t\t\t   <figure>\n\t\t\t\t\t\t<img width=\"500\" height=\"500\" src=\"https:\/\/labea.ufpr.br\/caocomunitario\/wp-content\/uploads\/sites\/2\/2019\/07\/tirida-1_compressed-500x500.jpg\" class=\"attachment-awsm_team size-awsm_team wp-post-image\" alt=\"\" decoding=\"async\" loading=\"lazy\" srcset=\"https:\/\/labea.ufpr.br\/caocomunitario\/wp-content\/uploads\/sites\/2\/2019\/07\/tirida-1_compressed-500x500.jpg 500w, https:\/\/labea.ufpr.br\/caocomunitario\/wp-content\/uploads\/sites\/2\/2019\/07\/tirida-1_compressed-150x150.jpg 150w\" sizes=\"(max-width: 500px) 100vw, 500px\" \/>\t\t\t\t\t\t <figcaption class=\"awsm-figcaption\">\n\t\t\t\t\t\t\t<div class=\"awsm-personal-info\"><h3>Tirida<\/h3><span><\/span><\/div>\t\t\t\t\t\t\t<div class=\"awsm-contact-info\">\n\t\t\t\t\t\t\t\t<p>Nascida em 2010, Tirida tem 9 anos. Sua pelagem \u00e9 mediana e bicolor (preta e branco). Focinho com algumas manchas pretas.<\/p>\t\t\t\t\t\t\t<\/div> <!-- .awsm-contact-info -->\n\t\t\t\t\t\t\t\t\t\t\t\t\t <\/figcaption>\n\t\t\t\t\t  <!-- <\/span> -->\n\t\t\t\t   <\/figure>\n\t\t\t\t<\/div>\n\t\t\t\t\t\t\t<div id=\"awsm-member-1178-1193\" class=\"awsm-grid-card\">\n\t\t\t\t   <figure>\n\t\t\t\t\t\t<img width=\"500\" height=\"500\" src=\"https:\/\/labea.ufpr.br\/caocomunitario\/wp-content\/uploads\/sites\/2\/2019\/07\/pretinho1-1-500x500.jpg\" class=\"attachment-awsm_team size-awsm_team wp-post-image\" alt=\"\" decoding=\"async\" loading=\"lazy\" srcset=\"https:\/\/labea.ufpr.br\/caocomunitario\/wp-content\/uploads\/sites\/2\/2019\/07\/pretinho1-1-500x500.jpg 500w, https:\/\/labea.ufpr.br\/caocomunitario\/wp-content\/uploads\/sites\/2\/2019\/07\/pretinho1-1-150x150.jpg 150w\" sizes=\"(max-width: 500px) 100vw, 500px\" \/>\t\t\t\t\t\t <figcaption class=\"awsm-figcaption\">\n\t\t\t\t\t\t\t<div class=\"awsm-personal-info\"><h3>Pretinho<\/h3><span><\/span><\/div>\t\t\t\t\t\t\t<div class=\"awsm-contact-info\">\n\t\t\t\t\t\t\t\t<p>Nascido em 2007, Pretinho tem 12 anos. Sua pelagem \u00e9 curta e preta. Tem cauda mediana e curvada para dentro.<\/p>\t\t\t\t\t\t\t<\/div> <!-- .awsm-contact-info -->\n\t\t\t\t\t\t\t\t\t\t\t\t\t <\/figcaption>\n\t\t\t\t\t  <!-- <\/span> -->\n\t\t\t\t   <\/figure>\n\t\t\t\t<\/div>\n\t\t\t\t\t\t\t<div id=\"awsm-member-1178-1196\" class=\"awsm-grid-card\">\n\t\t\t\t   <figure>\n\t\t\t\t\t\t<img width=\"500\" height=\"500\" src=\"https:\/\/labea.ufpr.br\/caocomunitario\/wp-content\/uploads\/sites\/2\/2019\/07\/mirela-1-500x500.jpg\" class=\"attachment-awsm_team size-awsm_team wp-post-image\" alt=\"\" decoding=\"async\" loading=\"lazy\" srcset=\"https:\/\/labea.ufpr.br\/caocomunitario\/wp-content\/uploads\/sites\/2\/2019\/07\/mirela-1-500x500.jpg 500w, https:\/\/labea.ufpr.br\/caocomunitario\/wp-content\/uploads\/sites\/2\/2019\/07\/mirela-1-150x150.jpg 150w\" sizes=\"(max-width: 500px) 100vw, 500px\" \/>\t\t\t\t\t\t <figcaption class=\"awsm-figcaption\">\n\t\t\t\t\t\t\t<div class=\"awsm-personal-info\"><h3>Mirela<\/h3><span><\/span><\/div>\t\t\t\t\t\t\t<div class=\"awsm-contact-info\">\n\t\t\t\t\t\t\t\t<p>Nascida em 2014, Mirela tem 5 anos. Sua pelagem \u00e9 curta e na cor amarela. <\/p>\t\t\t\t\t\t\t<\/div> <!-- .awsm-contact-info -->\n\t\t\t\t\t\t\t\t\t\t\t\t\t <\/figcaption>\n\t\t\t\t\t  <!-- <\/span> -->\n\t\t\t\t   <\/figure>\n\t\t\t\t<\/div>\n\t\t\t\t\t\t\t<div id=\"awsm-member-1178-1197\" class=\"awsm-grid-card\">\n\t\t\t\t   <figure>\n\t\t\t\t\t\t<img src=\"https:\/\/labea.ufpr.br\/caocomunitario\/wp-content\/plugins\/awsm-team\/images\/default-user.png\" alt=\"Piqui\">\t\t\t\t\t\t <figcaption class=\"awsm-figcaption\">\n\t\t\t\t\t\t\t<div class=\"awsm-personal-info\"><h3>Piqui<\/h3><span><\/span><\/div>\t\t\t\t\t\t\t<div class=\"awsm-contact-info\">\n\t\t\t\t\t\t\t\t<p>Nascida em 2014, Piqui tem 5 anos. Sua pelagem \u00e9 curta e na cor amarela. As patas s\u00e3o da cor branca. <\/p>\t\t\t\t\t\t\t<\/div> <!-- .awsm-contact-info -->\n\t\t\t\t\t\t\t\t\t\t\t\t\t <\/figcaption>\n\t\t\t\t\t  <!-- <\/span> -->\n\t\t\t\t   <\/figure>\n\t\t\t\t<\/div>\n\t\t\t\t\t\t\t<div id=\"awsm-member-1178-1199\" class=\"awsm-grid-card\">\n\t\t\t\t   <figure>\n\t\t\t\t\t\t<img width=\"500\" height=\"500\" src=\"https:\/\/labea.ufpr.br\/caocomunitario\/wp-content\/uploads\/sites\/2\/2019\/07\/deia-1-500x500.jpg\" class=\"attachment-awsm_team size-awsm_team wp-post-image\" alt=\"\" decoding=\"async\" loading=\"lazy\" srcset=\"https:\/\/labea.ufpr.br\/caocomunitario\/wp-content\/uploads\/sites\/2\/2019\/07\/deia-1-500x500.jpg 500w, https:\/\/labea.ufpr.br\/caocomunitario\/wp-content\/uploads\/sites\/2\/2019\/07\/deia-1-150x150.jpg 150w\" sizes=\"(max-width: 500px) 100vw, 500px\" \/>\t\t\t\t\t\t <figcaption class=\"awsm-figcaption\">\n\t\t\t\t\t\t\t<div class=\"awsm-personal-info\"><h3>D\u00e9ia<\/h3><span><\/span><\/div>\t\t\t\t\t\t\t<div class=\"awsm-contact-info\">\n\t\t\t\t\t\t\t\t<p>Nascida em 2013, D\u00e9ia tem 6 anos. Sua pelagem curta e bicolor (preta e branca). Possui uma mancha branca no focinho.<\/p>\t\t\t\t\t\t\t<\/div> <!-- .awsm-contact-info -->\n\t\t\t\t\t\t\t\t\t\t\t\t\t <\/figcaption>\n\t\t\t\t\t  <!-- <\/span> -->\n\t\t\t\t   <\/figure>\n\t\t\t\t<\/div>\n\t\t\t\t\t\t\t<div id=\"awsm-member-1178-1204\" class=\"awsm-grid-card\">\n\t\t\t\t   <figure>\n\t\t\t\t\t\t<img width=\"500\" height=\"500\" src=\"https:\/\/labea.ufpr.br\/caocomunitario\/wp-content\/uploads\/sites\/2\/2019\/07\/magrelo-1-500x500.jpg\" class=\"attachment-awsm_team size-awsm_team wp-post-image\" alt=\"\" decoding=\"async\" loading=\"lazy\" srcset=\"https:\/\/labea.ufpr.br\/caocomunitario\/wp-content\/uploads\/sites\/2\/2019\/07\/magrelo-1-500x500.jpg 500w, https:\/\/labea.ufpr.br\/caocomunitario\/wp-content\/uploads\/sites\/2\/2019\/07\/magrelo-1-150x150.jpg 150w\" sizes=\"(max-width: 500px) 100vw, 500px\" \/>\t\t\t\t\t\t <figcaption class=\"awsm-figcaption\">\n\t\t\t\t\t\t\t<div class=\"awsm-personal-info\"><h3>Magrelo<\/h3><span><\/span><\/div>\t\t\t\t\t\t\t<div class=\"awsm-contact-info\">\n\t\t\t\t\t\t\t\t<p>Nascido em 2014, Magrelo tem 5 anos. Sua pelagem \u00e9 curta e de cor amarela.<\/p>\t\t\t\t\t\t\t<\/div> <!-- .awsm-contact-info -->\n\t\t\t\t\t\t\t\t\t\t\t\t\t <\/figcaption>\n\t\t\t\t\t  <!-- <\/span> -->\n\t\t\t\t   <\/figure>\n\t\t\t\t<\/div>\n\t\t\t\t\t\t\t<div id=\"awsm-member-1178-1182\" class=\"awsm-grid-card\">\n\t\t\t\t   <figure>\n\t\t\t\t\t\t<img width=\"500\" height=\"500\" src=\"https:\/\/labea.ufpr.br\/caocomunitario\/wp-content\/uploads\/sites\/2\/2019\/07\/neguinho-1-500x500.jpg\" class=\"attachment-awsm_team size-awsm_team wp-post-image\" alt=\"\" decoding=\"async\" loading=\"lazy\" srcset=\"https:\/\/labea.ufpr.br\/caocomunitario\/wp-content\/uploads\/sites\/2\/2019\/07\/neguinho-1-500x500.jpg 500w, https:\/\/labea.ufpr.br\/caocomunitario\/wp-content\/uploads\/sites\/2\/2019\/07\/neguinho-1-150x150.jpg 150w\" sizes=\"(max-width: 500px) 100vw, 500px\" \/>\t\t\t\t\t\t <figcaption class=\"awsm-figcaption\">\n\t\t\t\t\t\t\t<div class=\"awsm-personal-info\"><h3>Neguinho<\/h3><span><\/span><\/div>\t\t\t\t\t\t\t<div class=\"awsm-contact-info\">\n\t\t\t\t\t\t\t\t<p>Nascido em 2014, Neguinho tem 5 anos. Sua pelagem \u00e9 curta e da cor preta. Possui algumas manchas brancas, principalmente nas patinhas.<\/p>\t\t\t\t\t\t\t<\/div> <!-- .awsm-contact-info -->\n\t\t\t\t\t\t\t\t\t\t\t\t\t <\/figcaption>\n\t\t\t\t\t  <!-- <\/span> -->\n\t\t\t\t   <\/figure>\n\t\t\t\t<\/div>\n\t\t\t\t\t\t\t<div id=\"awsm-member-1178-1184\" class=\"awsm-grid-card\">\n\t\t\t\t   <figure>\n\t\t\t\t\t\t<img src=\"https:\/\/labea.ufpr.br\/caocomunitario\/wp-content\/plugins\/awsm-team\/images\/default-user.png\" alt=\"Amarelinha\">\t\t\t\t\t\t <figcaption class=\"awsm-figcaption\">\n\t\t\t\t\t\t\t<div class=\"awsm-personal-info\"><h3>Amarelinha<\/h3><span><\/span><\/div>\t\t\t\t\t\t\t<div class=\"awsm-contact-info\">\n\t\t\t\t\t\t\t\t<p>Nascida em 2014, Amarelinha tem 5 anos. Sua pelagem \u00e9 curta e na cor amarela. Possui algumas manchas brancas na patinhas.<\/p>\t\t\t\t\t\t\t<\/div> <!-- .awsm-contact-info -->\n\t\t\t\t\t\t\t\t\t\t\t\t\t <\/figcaption>\n\t\t\t\t\t  <!-- <\/span> -->\n\t\t\t\t   <\/figure>\n\t\t\t\t<\/div>\n\t\t\t\t\t\t\t<div id=\"awsm-member-1178-1177\" class=\"awsm-grid-card\">\n\t\t\t\t   <figure>\n\t\t\t\t\t\t<img width=\"500\" height=\"500\" src=\"https:\/\/labea.ufpr.br\/caocomunitario\/wp-content\/uploads\/sites\/2\/2019\/07\/tigresa-1-500x500.jpg\" class=\"attachment-awsm_team size-awsm_team wp-post-image\" alt=\"\" decoding=\"async\" loading=\"lazy\" srcset=\"https:\/\/labea.ufpr.br\/caocomunitario\/wp-content\/uploads\/sites\/2\/2019\/07\/tigresa-1-500x500.jpg 500w, https:\/\/labea.ufpr.br\/caocomunitario\/wp-content\/uploads\/sites\/2\/2019\/07\/tigresa-1-150x150.jpg 150w\" sizes=\"(max-width: 500px) 100vw, 500px\" \/>\t\t\t\t\t\t <figcaption class=\"awsm-figcaption\">\n\t\t\t\t\t\t\t<div class=\"awsm-personal-info\"><h3>Tigresa<\/h3><span><\/span><\/div>\t\t\t\t\t\t\t<div class=\"awsm-contact-info\">\n\t\t\t\t\t\t\t\t<p>Nascida em 2010, Tigresa tem 9 anos. Sua pelagem \u00e9 curta e bicolor (branca e marrom). Possui manchas marrons pelo corpo.<\/p>\t\t\t\t\t\t\t<\/div> <!-- .awsm-contact-info -->\n\t\t\t\t\t\t\t\t\t\t\t\t\t <\/figcaption>\n\t\t\t\t\t  <!-- <\/span> -->\n\t\t\t\t   <\/figure>\n\t\t\t\t<\/div>\n\t\t\t\t\t\t\t<div id=\"awsm-member-1178-1206\" class=\"awsm-grid-card\">\n\t\t\t\t   <figure>\n\t\t\t\t\t\t<img width=\"500\" height=\"500\" src=\"https:\/\/labea.ufpr.br\/caocomunitario\/wp-content\/uploads\/sites\/2\/2019\/07\/coleira-1-500x500.jpg\" class=\"attachment-awsm_team size-awsm_team wp-post-image\" alt=\"\" decoding=\"async\" loading=\"lazy\" srcset=\"https:\/\/labea.ufpr.br\/caocomunitario\/wp-content\/uploads\/sites\/2\/2019\/07\/coleira-1-500x500.jpg 500w, https:\/\/labea.ufpr.br\/caocomunitario\/wp-content\/uploads\/sites\/2\/2019\/07\/coleira-1-150x150.jpg 150w\" sizes=\"(max-width: 500px) 100vw, 500px\" \/>\t\t\t\t\t\t <figcaption class=\"awsm-figcaption\">\n\t\t\t\t\t\t\t<div class=\"awsm-personal-info\"><h3>Coleira<\/h3><span><\/span><\/div>\t\t\t\t\t\t\t<div class=\"awsm-contact-info\">\n\t\t\t\t\t\t\t\t<p>Nascido em 2014, Coleira tem 5 anos. Sua pelagem \u00e9 curta e da cor amarela. Focinho preto e orelhas amarela e preta.<\/p>\t\t\t\t\t\t\t<\/div> <!-- .awsm-contact-info -->\n\t\t\t\t\t\t\t\t\t\t\t\t\t <\/figcaption>\n\t\t\t\t\t  <!-- <\/span> -->\n\t\t\t\t   <\/figure>\n\t\t\t\t<\/div>\n\t\t\t\t\t\t\t<div id=\"awsm-member-1178-1195\" class=\"awsm-grid-card\">\n\t\t\t\t   <figure>\n\t\t\t\t\t\t<img width=\"500\" height=\"500\" src=\"https:\/\/labea.ufpr.br\/caocomunitario\/wp-content\/uploads\/sites\/2\/2019\/07\/pretinha-1-500x500.jpg\" class=\"attachment-awsm_team size-awsm_team wp-post-image\" alt=\"\" decoding=\"async\" loading=\"lazy\" srcset=\"https:\/\/labea.ufpr.br\/caocomunitario\/wp-content\/uploads\/sites\/2\/2019\/07\/pretinha-1-500x500.jpg 500w, https:\/\/labea.ufpr.br\/caocomunitario\/wp-content\/uploads\/sites\/2\/2019\/07\/pretinha-1-150x150.jpg 150w\" sizes=\"(max-width: 500px) 100vw, 500px\" \/>\t\t\t\t\t\t <figcaption class=\"awsm-figcaption\">\n\t\t\t\t\t\t\t<div class=\"awsm-personal-info\"><h3>Pretinha<\/h3><span><\/span><\/div>\t\t\t\t\t\t\t<div class=\"awsm-contact-info\">\n\t\t\t\t\t\t\t\t<p>Nascida em 2012, Pretinha tem 7 anos. Sua pelagem \u00e9 curta e preta. As patas s\u00e3o marrom claro e o focinho \u00e9 bicolor.<\/p>\t\t\t\t\t\t\t<\/div> <!-- .awsm-contact-info -->\n\t\t\t\t\t\t\t\t\t\t\t\t\t <\/figcaption>\n\t\t\t\t\t  <!-- <\/span> -->\n\t\t\t\t   <\/figure>\n\t\t\t\t<\/div>\n\t\t\t\t\t<\/div><!-- .grid -->\n\t\t<\/div>\n\n","protected":false},"excerpt":{"rendered":"<p>C\u00e3es de Pinhais Conhe\u00e7a alguns c\u00e3es de Pinhais cadastrados no Programa e saiba mais sobre eles abaixo:<\/p>\n","protected":false},"author":1,"featured_media":0,"parent":0,"menu_order":0,"comment_status":"closed","ping_status":"closed","template":"","meta":{"_mi_skip_tracking":false},"acf":[],"_links":{"self":[{"href":"https:\/\/labea.ufpr.br\/caocomunitario\/wp-json\/wp\/v2\/pages\/482"}],"collection":[{"href":"https:\/\/labea.ufpr.br\/caocomunitario\/wp-json\/wp\/v2\/pages"}],"about":[{"href":"https:\/\/labea.ufpr.br\/caocomunitario\/wp-json\/wp\/v2\/types\/page"}],"author":[{"embeddable":true,"href":"https:\/\/labea.ufpr.br\/caocomunitario\/wp-json\/wp\/v2\/users\/1"}],"replies":[{"embeddable":true,"href":"https:\/\/labea.ufpr.br\/caocomunitario\/wp-json\/wp\/v2\/comments?post=482"}],"version-history":[{"count":45,"href":"https:\/\/labea.ufpr.br\/caocomunitario\/wp-json\/wp\/v2\/pages\/482\/revisions"}],"predecessor-version":[{"id":1992,"href":"https:\/\/labea.ufpr.br\/caocomunitario\/wp-json\/wp\/v2\/pages\/482\/revisions\/1992"}],"wp:attachment":[{"href":"https:\/\/labea.ufpr.br\/caocomunitario\/wp-json\/wp\/v2\/media?parent=482"}],"curies":[{"name":"wp","href":"https:\/\/api.w.org\/{rel}","templated":true}]}}